{"id":2952,"date":"2023-06-15T11:03:16","date_gmt":"2023-06-15T11:03:16","guid":{"rendered":"https:\/\/imaneo.hotpixel.es\/?post_type=project&#038;p=2952"},"modified":"2023-10-09T14:28:24","modified_gmt":"2023-10-09T14:28:24","slug":"escuela-de-derecho-islamico","status":"publish","type":"project","link":"https:\/\/imaneo-data.inha.fr\/es\/project\/escuela-de-derecho-islamico\/","title":{"rendered":"Escuela de derecho isl\u00e1mico"},"content":{"rendered":"","protected":false},"featured_media":1211,"template":"","class_list":["post-2952","project","type-project","status-publish","has-post-thumbnail","hentry","project_theme-difusion","project_theme-nacionalismo-e-imperialismo","project_theme-neo-morisco-en-bosnia","project_theme-origenes"],"acf":{"projects":{"project_info":{"color":"#3532c8","icon":1333,"location":"Sarajevo, Bosnia y Herzegovina","year":"1887","architects":[315],"map":{"longitude":43.85657096854,"latitude":18.4138880484887}},"":null,"gallery":[1028,1007,1004,1010,998,1076,1037,1022,1013,1079,1085,1043,1082,1019,1061,1073,1070,1064,1058,1001,1055,2838,2841],"history":{"projects_history_media":{"content_type":"Image Gallery","video_single":{"number":"","title":"","image":null},"gallery":[1658,1655,1652,1649,2614,1643,1661,2617,1646,2692,2689],"video_gallery":null},"content":"Tras la puesta bajo tutela de Bosnia por el imperio austro-h\u00fangaro, la formaci\u00f3n de los jueces de los tribunales isl\u00e1micos pas\u00f3 a ser competencia del Estado. Con ese fin se cre\u00f3 en Sarajevo, en 1887, la escuela de derecho isl\u00e1mico para formar a estudiantes bosnios.\n\nEl edificio, erigido en el coraz\u00f3n de la Stari Grad (casco viejo)<code class=\"is-trigger\" data-order=\"5\"><\/code>, fue dise\u00f1ado por el arquitecto austro-checo Karel Pa\u0159ik, autor de varios edificios emblem\u00e1ticos de Sarajevo, tales como el ayuntamiento (Vije\u0107nica) y la sinagoga asquenaz\u00ed. Pensado especialmente para la comunidad musulmana, el edificio se distingue por su estilo orientalista, probablemente considerado como el m\u00e1s apropiado tanto por el arquitecto como por las autoridades austriacas. El conjunto, formado por dos edificios con patio<code class=\"is-trigger\" data-order=\"1\"><\/code>, de uno o dos niveles y dispuestos perpendicularmente, reproduce el plano tradicional de las madrasas otomanas: contaba con salas comunes dedicadas a la ense\u00f1anza, un comedor y una biblioteca, as\u00ed como un oratorio y celdas para los internos. El arquitecto se decant\u00f3 por un estilo historicista y ecl\u00e9ctico que a\u00fana las referencias al arte tardo-otomano de la regi\u00f3n, el arte del Egipto mameluco y tambi\u00e9n el del reino nazar\u00ed. Al igual que en la Vije\u0107nica, las fachadas con enlucido b\u00edcromo simulando la disposici\u00f3n en ablaq as\u00ed como la composici\u00f3n del p\u00f3rtico monumental del pabell\u00f3n de entrada, con arco de herradura, evocan los grandes edificios del Cairo. La disposici\u00f3n en planta y los imponentes tejados recuerdan los palacios andalus\u00edes y m\u00e1s concretamente la Alhambra.\n\nEl primer patio<code class=\"is-trigger\" data-order=\"8\"><\/code>, rectangular, est\u00e1 bordeado en sus cuatro costados por galer\u00edas rematadas por peque\u00f1as c\u00fapulas. Los arcos ligeramente apuntados descansan en columnas coronadas por capiteles cuya decoraci\u00f3n en triangulaci\u00f3n es id\u00e9ntica a la de los capiteles del patio de la antigua madrasa de Gazi Husrev-Beg (1537).<code class=\"is-trigger\" data-order=\"10\"><\/code>. En su libro <em>Die Baukunft des Islam<\/em>, el arquitecto Julius Franz<code class=\"is-trigger\" data-order=\"11\"><\/code> describe un capitel del mismo tipo hallado en Egipto. Bajo las galer\u00edas norte y sur se sit\u00faan las aulas as\u00ed como el oratorio cubierto por una c\u00fapula el\u00edptica, recubierta con una red de pol\u00edgonos estrellados que contienen una trama vegetal de tallos entrelazados. Las pechinas acogen medallones con decoraci\u00f3n caligr\u00e1fica que contienen el nombre de Allah, del profeta Muhammad y de sus sucesores, los cuatro primeros califas Rashidun. El edificio debe sin duda su apodo local de \u201cpeque\u00f1a Alhambra\u201d a este largo patio que tiene en el centro una fuente para abluciones<code class=\"is-trigger\" data-order=\"8\"><\/code>, una referencia al \u201cpatio de los Leones\u201d del palacio nazar\u00ed de Granada. Desde este patio se accede al segundo edificio del internado, con celdas organizadas alrededor de un segundo patio. Est\u00e1n conectadas por una galer\u00eda en dos niveles. La del primer piso tiene un techo con vigas de madera pintada y esculpida y sus paredes est\u00e1n totalmente pintadas con motivos geom\u00e9tricos en red.\n\nEl edificio mantuvo su funci\u00f3n de escuela de jueces de tribunales religiosos o jueces de la shar\u00eda (qadis) durante las dos guerras mundiales<em>qadis<\/em>). En 1945, el nuevo r\u00e9gimen comunista cierra la escuela en el marco de su prohibici\u00f3n de la ense\u00f1anza religiosa. Se transforma entonces en facultad de derecho y m\u00e1s tarde en museo de historia dedicado a la historia revolucionaria de los partisanos yugoslavos.\n\nEn 1992, como muchos otros monumentos religiosos s\u00edmbolo de la presencia de la comunidad musulmana de los Balcanes, la escuela fue bombardeada y result\u00f3 muy da\u00f1ada. En 1993 se toma la decisi\u00f3n de restaurar el edificio que acoge hoy la Facultad de ciencias isl\u00e1micas de la Universidad de Sarajevo. Se cubre sus patios interiores y el antiguo internado se utiliza como despachos para los ense\u00f1antes.","projects_history_sidebar":[{"title":"Bibliograf\u00eda","link":{"title":"","url":"https:\/\/imaneo-data.inha.fr\/bibliographie\/#ecolechariatiquesarajevo","target":"_blank"},"blank":true},{"title":"Descargar la descripci\u00f3n en franc\u00e9s","link":{"title":"","url":"https:\/\/imaneo-data.inha.fr\/wp-content\/uploads\/2023\/07\/Notice-charia-fr-maj.pdf","target":"_blank"},"blank":true},{"title":"Descargar la descripci\u00f3n en ingl\u00e9s","link":{"title":"","url":"https:\/\/imaneo-data.inha.fr\/wp-content\/uploads\/2023\/09\/Notice-charia-en-1.pdf","target":"_blank"},"blank":true},{"title":"Descargar la descripci\u00f3n en espa\u00f1ol","link":{"title":"","url":"https:\/\/imaneo-data.inha.fr\/wp-content\/uploads\/2023\/09\/Notice-charia-es-maj.pdf","target":"_blank"},"blank":true}]},"artist":{"projects_artist_media":{"content_type":"Single Video","video_single":{"number":"","title":"","image":null},"gallery":null,"video_gallery":null},"content":"","projects_artist_sidebar":null,"projects_artist_credits":null,"extra":{"iframe":null}},"podcast":{"podcast":null,"projects_podcast_media":{"content_type":"Single Video","video_single":{"number":"","title":"","image":null},"gallery":null,"video_gallery":[{"title":"Escuela de derecho isl\u00e1mico: el punto de vista del arquitecto","text":"Entrevista con Faruk Kapid\u017ei\u0107, arquitecto","url":"https:\/\/vimeo.com\/842401482","image":2841},{"title":"Escuela de derecho isl\u00e1mico: el punto de vista del usuario","text":"Entrevista con Fatima \u017duti\u0107, bibliotecaria","url":"https:\/\/vimeo.com\/842400562","image":2838}]},"content":"","projects_podcast_sidebar":null,"projects_podcast_credits":[{"title":"Sobre estas pel\u00edculas","content":"El arquitecto del proyecto de restauraci\u00f3n y el bibliotecario de la universidad comparten con nosotros sus conocimientos sobre este edificio."},{"title":"Dise\u00f1o y producci\u00f3n","content":"Diogo Pereira y Sanja Vrzi\u0107"},{"title":"Documentaci\u00f3n","content":"Adisa D\u017eino \u0160uta, Ivana Roso y Farah Ra\u010di\u0107"}]},"education":"","related_topics":{"projects_related_topics_media":{"content_type":"Single Video","video_single":{"number":"","title":"","image":null},"gallery":null,"video_gallery":[{"title":"El estilo neomorisco en Bosnia y Herzegovina","text":"","url":"https:\/\/vimeo.com\/847919249","image":2809},{"title":"Nacionalismo y imperialismo: arquitectura neomorisca en Espa\u00f1a, Argelia, Francia y Bosnia","text":"","url":"https:\/\/vimeo.com\/844281563","image":2902},{"title":"Or\u00edgenes de la arquitectura orientalista en Europa","text":"","url":"https:\/\/vimeo.com\/844847301","image":2783},{"title":"Difusi\u00f3n de los estilos neomorisco y neomameluco en Europa","text":"","url":"https:\/\/vimeo.com\/844864146","image":2797}]},"content":"","projects_related_topics_sidebar":null,"projects_related_topics_credits":null}}},"_links":{"self":[{"href":"https:\/\/imaneo-data.inha.fr\/es\/wp-json\/wp\/v2\/project\/2952","targetHints":{"allow":["GET"]}}],"collection":[{"href":"https:\/\/imaneo-data.inha.fr\/es\/wp-json\/wp\/v2\/project"}],"about":[{"href":"https:\/\/imaneo-data.inha.fr\/es\/wp-json\/wp\/v2\/types\/project"}],"wp:featuredmedia":[{"embeddable":true,"href":"https:\/\/imaneo-data.inha.fr\/es\/wp-json\/wp\/v2\/media\/1211"}],"wp:attachment":[{"href":"https:\/\/imaneo-data.inha.fr\/es\/wp-json\/wp\/v2\/media?parent=2952"}],"curies":[{"name":"wp","href":"https:\/\/api.w.org\/{rel}","templated":true}]}}